{"id":16766,"date":"2025-01-12T16:22:10","date_gmt":"2025-01-12T14:22:10","guid":{"rendered":"https:\/\/kulturism.ee\/?post_type=tribe_events&#038;p=16766"},"modified":"2025-02-28T01:13:31","modified_gmt":"2025-02-27T23:13:31","slug":"personaal-ja-fitnessitreenerite-tasemekoolitus-ekr3-ja-ekr4-2","status":"publish","type":"tribe_events","link":"https:\/\/kulturism.ee\/ru\/sundmus\/personaal-ja-fitnessitreenerite-tasemekoolitus-ekr3-ja-ekr4-2\/","title":{"rendered":"Personaal- ja fitnessitreenerite tasemekoolitus EKR3 ja EKR4"},"content":{"rendered":"<p>Personaal- ja fitnessitreenerite tasemekoolitus EKR3 ja EKR4<\/p>\n<p>584.00\u20ac\u00a0\u2013\u00a01,098.00\u20ac<\/p>\n<p>UUS\u00a0<strong>personaal- ja fitnessitreenerite<\/strong>\u00a0erialane tasemekoolitus tasemetele EKR3 ja EKR4 (80+50 akadeemilist tundi)\u00a0<strong>15.03 \u2013 13.04 2025<\/strong>.<\/p>\n<p><strong>Uuenenud personaal- ja fitnessitreenerite erialane tasemekoolitus<\/strong>\u00a0tasemetele EKR3 ja EKR4, kus sul on lisaks\u00a0<strong>fitnessitreeneri<\/strong>\u00a0tasemekoolitusele v\u00f5imalik l\u00e4bida ka\u00a0<strong>personaaltreeneri<\/strong>, EKR4 taseme, tasemekoolitus!<\/p>\n<p>Fitnessitreenerite tasemekoolitus koosneb auditoorsest ja praktilisest osast ning personaaltreenerite tasemekoolitusel on sisse toodud\u00a0<strong>mentorlusprogramm<\/strong>! \u00d5ppekavadega tutvu allpool!<\/p>\n<p><strong>TULE JA \u00d5<\/strong><strong>PI OMA ALA TIPPSPETSIALISTIDELT!<\/strong><\/p>\n<p>Antud koolitus on \u00fcheks kutseeksamile p\u00e4\u00e4semise eelduseks, millega on v\u00f5imalik taotleda <strong>Eesti Ol\u00fcmpiakomitee ametlikku kutsetunnistust<\/strong>, mis on\u00a0<strong>ainus ametlikult Euroopa Kutseraamistikku (EQF) kuuluv kutse!<\/strong><\/p>\n<p>Koolitus toimub Sparta spordiklubis (P\u00e4rnu mnt 139c, Tallinn).<\/p>\n<p>&nbsp;<\/p>\n<p><strong>AJAKAVA:<\/strong><\/p>\n<ol>\n<li>P\u00e4ev: Laup\u00e4ev, 15.03<\/li>\n<\/ol>\n<p><strong>10:00 \u2013 11.30 \u00a0\u00a0<\/strong>Kutseseadus, kutse taotlemine (<strong>Betti Trei<\/strong>) seminariruum \u00a0(2 AK)<\/p>\n<p><strong>11:30 \u2013 12<\/strong><strong>:15 L<\/strong><strong>\u00d5UNA<\/strong><\/p>\n<p><strong>12<\/strong><strong>:15 <\/strong><strong>\u2013 16:45<\/strong>\u00a0Sissejuhatus fitnesstreeneri ametisse (<strong>Sten P<\/strong><strong>\u00f5<\/strong><strong>ldsamm<\/strong>) seminariruum \u00a0(6 AK)<\/p>\n<p>&nbsp;<\/p>\n<ol start=\"2\">\n<li>P\u00e4ev: P\u00fchap\u00e4ev 16.03<\/li>\n<\/ol>\n<p><strong>10:00 \u2013 12:15<\/strong>\u00a0Toidulisandite teaduslikud alused (<strong>Daniel Agu<\/strong>) seminariruum (3 AK)<\/p>\n<p><strong>12:15 \u2013 13:00 L\u00d5UNA<\/strong><\/p>\n<p><strong>13:00 \u2013 18:15<\/strong>\u00a0Toitumise alused (<strong>Siret Saarsalu<\/strong>) seminariruum (7 AK)<\/p>\n<p>&nbsp;<\/p>\n<ol start=\"3\">\n<li>P\u00e4ev: Laup\u00e4ev 22.03<\/li>\n<\/ol>\n<p><strong>10:00 \u2013 13:00\u00a0<\/strong>Kehakoostise d\u00fcnaamika (<strong>Siim Kelner<\/strong>) seminariruum (4 AK)<\/p>\n<p><strong>13:00 \u2013 13:45\u00a0<\/strong>L\u00d5UNA<\/p>\n<p><strong>13:45 \u2013 16:00<\/strong>\u00a0J\u00f5usaalitreeningu soojendusosa, mobilisatsioon (<strong>Sten P<\/strong><strong>\u00f5<\/strong><strong>ldsamm<\/strong>) j\u00f5usaal (3 AK)<\/p>\n<p><strong>16:00 \u2013 18<\/strong><strong>:15<\/strong><strong>\u00a0<\/strong>Laste ja noorte treening, (<strong>Sten P<\/strong><strong>\u00f5<\/strong><strong>ldsamm<\/strong>) seminariruum, (3 AK)<\/p>\n<p>&nbsp;<\/p>\n<ol start=\"4\">\n<li>P\u00e4ev: P\u00fchap\u00e4ev 23.03<\/li>\n<\/ol>\n<p><strong>10:00 \u00a0\u2013 12:15<\/strong>\u00a0 \u00dcldkehaline ettevalmistus, (<strong>Siim Kelner<\/strong>) seminariruum (3 AK)<\/p>\n<p><strong>12:15 \u2013 13:00\u00a0<\/strong>L\u00d5UNA<\/p>\n<p><strong>13:00 \u2013 16:45<\/strong>\u00a0\u00dcldkehaline ettevalmistus, praktiline osa, (<strong>Siim Kelner<\/strong>) pallisaal (5 AK)<\/p>\n<p>&nbsp;<\/p>\n<ol start=\"5\">\n<li>P\u00e4ev: Laup\u00e4ev 29.03<\/li>\n<\/ol>\n<p><strong>10:00 \u2013 18:00<\/strong>\u00a0J\u00f5usaali harjutused ja treeningvahendid (<strong>Siim Savisaar, Siim Kelner, Sten P<\/strong><strong>\u00f5<\/strong><strong>ldsamm<\/strong>) j\u00f5usaal (10 AK)<\/p>\n<p>&nbsp;<\/p>\n<ol start=\"6\">\n<li>P\u00e4ev: P\u00fchap\u00e4ev 30.03<\/li>\n<\/ol>\n<p><strong>10:00 \u2013 13:45\u00a0<\/strong>Praktiliste \u00fclesannete lahendamine j\u00f5usaalis (<strong>Siim Savisaar, Siim Kelner, Sten P<\/strong><strong>\u00f5<\/strong><strong>ldsamm<\/strong>) j\u00f5usaal (5 AK)<\/p>\n<p><strong>13:45 \u2013 14:30\u00a0<\/strong>L\u00d5UNA<\/p>\n<p><strong>14:30 \u2013 18:15<\/strong>\u00a0Erinevate vajadustega inimeste treening (<strong>Siim Savisaar)\u00a0<\/strong>seminariruum (4 AK)<\/p>\n<p>&nbsp;<\/p>\n<ol start=\"7\">\n<li>P\u00e4ev: Laup\u00e4ev 05.04<\/li>\n<\/ol>\n<p><strong>10:00 \u2013 12:15<\/strong>\u00a0J\u00f5uharjutuste juhendamine teooria ja praktika (<strong>Siim Kelner<\/strong>), seminariruum, j\u00f5usaal (3 AK)<\/p>\n<p><strong>12:15 \u2013 13:00\u00a0<\/strong>L\u00d5UNA<\/p>\n<p><strong>13:00 \u2013 16:00\u00a0<\/strong>J\u00f5utreening, tervis ja taastumine (<strong>Siim Savisaar<\/strong>), seminariruum (4 AK)<\/p>\n<p>&nbsp;<\/p>\n<ol start=\"8\">\n<li>P\u00e4ev: P\u00fchap\u00e4ev 06.04<\/li>\n<\/ol>\n<p><strong>10:00 \u2013 13:00<\/strong>\u00a0Funktsionaalne anatoomia ja j\u00f5usaaliharjutused f\u00fcsioterapeudi pilgu l\u00e4bi (<strong>Siim Savisaar)\u00a0<\/strong>seminariruum &amp; j\u00f5usaal (9 AK)<\/p>\n<p><strong>13:00 \u2013 13:45 L\u00d5UNA<\/strong><\/p>\n<p><strong>13:45 \u2013 17:30<\/strong>\u00a0Funktsionaalne anatoomia ja j\u00f5usaaliharjutused f\u00fcsioterapeudi pilgu l\u00e4bi j\u00e4tkub (<strong>Siim Savisaar)\u00a0<\/strong>seminariruum &amp; j\u00f5usaal (9 AK)<\/p>\n<p>&nbsp;<\/p>\n<ol start=\"9\">\n<li>P\u00e4ev: Laup\u00e4ev 12.04<\/li>\n<\/ol>\n<p><strong>10:00 \u2013 12<\/strong><strong>:15<\/strong><strong>\u00a0<\/strong>J\u00f5u ja h\u00fcpertroofia arendamise metoodika (<strong>Siim Kelner<\/strong>) seminariruum (6 AK)<\/p>\n<p><strong>12:15 \u2013 13:00\u00a0<\/strong>L\u00d5UNA<\/p>\n<p><strong>13:00 \u2013 15:15\u00a0<\/strong>J\u00f5u ja h\u00fcpertroofia arendamise metoodika j\u00e4tkub (<strong>Siim Kelner<\/strong>) seminariruum (6 AK)<\/p>\n<p><strong>15:15 \u2013 17:30<\/strong>\u00a0Kava koostamine (<strong>Siim Kelner<\/strong>) seminariruum (3 AK)<\/p>\n<p>&nbsp;<\/p>\n<ol start=\"10\">\n<li>P\u00e4ev: P\u00fchap\u00e4ev, 13.04<\/li>\n<\/ol>\n<p><span style=\"color: #ff0000;\"><strong><em>10:00 \u00a0\u2013 19:00\u00a0<\/em><\/strong><em>Persoonibr<\/em><em>\u00e4nd ja teenuse m\u00fc\u00fck (<\/em><strong><em>Madis Trei<\/em><\/strong><em>) seminariruum (11 AK)<\/em><\/span><\/p>\n<p><em>\u00a0<\/em><\/p>\n<p>Treenerikutse taotlemiseks abitreeneri, EKR3 tasemele, on lisaks vaja l\u00e4bida EOK \u00fcldained III tasemele ja esmaabikoolitus 16h. EOK fitnessitreeneri kutse omab rahvusvahelist europassi ja vastab rahvusvahelisele EQF3 treenerikutsele.<\/p>\n<p><em>* punasega on m<\/em><em>\u00e4rgitud ajakavasse personaaltreeneri mooduli loeng<\/em><\/p>\n<p><em>NB! Personaaltreeneri mooduli mentorlust on v<\/em><em>\u00f5<\/em><em>imalik l\u00e4bida kuni 31.07.2025!<\/em><em>!<\/em><\/p>\n<p>Koolituse hind kujuneb v\u00e4lja vastavalt personaaltreeneri EKR4 tasemekoolituse valimisele v\u00f5i mitte valimisele.<\/p>\n<p>Baaskoolitus (EKR3 ja EKR4 fitness) \u2013 649\u20ac<\/p>\n<p>Baaskoolitus + EKR4 personaal \u2013 1098\u20ac<\/p>\n<p><strong><em>Liikmesklubide treeneritele kehtivad -10% soodushinnad:<\/em><\/strong><\/p>\n<p>Baaskoolitus (EKR3 ja EKR4 fitness) \u2013 584\u20ac<\/p>\n<p>Baaskoolitus + EKR4 personaal \u2013 988\u20ac<\/p>\n<p>Tasumine:<\/p>\n<p>Eesti Kulturismi ja Fitnessi Liit<\/p>\n<p>EE132200221029184692<\/p>\n<p>Selgitus: Treeneri tasemekoolitus 2025 + osaleja nimi.<\/p>\n<p>Ja palume saata maksekorralduse koopia koos osalussooviga meilile info@kulturism.ee<\/p>\n<p>&nbsp;<\/p>\n<p><strong>\u00d5PPEKAVAD:<\/strong><\/p>\n<p><a href=\"https:\/\/kulturism.ee\/wp-content\/uploads\/2024\/07\/EKR-3-oppekava-fitness-OVH-2024_07.pdf\">EKR3 fitnessitreener<\/a><\/p>\n<p><a href=\"https:\/\/kulturism.ee\/wp-content\/uploads\/2024\/07\/EKR-4-oppekava-fitness-OVH-2024_07.pdf\">EKR4 fitnessitreener<\/a><\/p>\n<p><a href=\"https:\/\/kulturism.ee\/wp-content\/uploads\/2024\/01\/EKR-4-oppekava-PT-OVH-2024_01.pdf\">EKR4 personaaltreener<\/a><\/p>\n","protected":false},"excerpt":{"rendered":"<p>Personaal- ja fitnessitreenerite tasemekoolitus EKR3 ja EKR4 584.00\u20ac\u00a0\u2013\u00a01,098.00\u20ac UUS\u00a0personaal- ja fitnessitreenerite\u00a0erialane tasemekoolitus tasemetele EKR3 ja EKR4 (80+50 akadeemilist tundi)\u00a015.03 \u2013&#8230;<\/p>\n","protected":false},"author":701,"featured_media":16767,"template":"","meta":{"spay_email":"","_tribe_events_status":"","_tribe_events_status_reason":"","footnotes":""},"tags":[],"tribe_events_cat":[7],"class_list":["post-16766","tribe_events","type-tribe_events","status-publish","has-post-thumbnail","hentry","tribe_events_cat-koolitused","cat_koolitused"],"jetpack_sharing_enabled":true,"_links":{"self":[{"href":"https:\/\/kulturism.ee\/ru\/wp-json\/wp\/v2\/tribe_events\/16766","targetHints":{"allow":["GET"]}}],"collection":[{"href":"https:\/\/kulturism.ee\/ru\/wp-json\/wp\/v2\/tribe_events"}],"about":[{"href":"https:\/\/kulturism.ee\/ru\/wp-json\/wp\/v2\/types\/tribe_events"}],"author":[{"embeddable":true,"href":"https:\/\/kulturism.ee\/ru\/wp-json\/wp\/v2\/users\/701"}],"version-history":[{"count":5,"href":"https:\/\/kulturism.ee\/ru\/wp-json\/wp\/v2\/tribe_events\/16766\/revisions"}],"predecessor-version":[{"id":16816,"href":"https:\/\/kulturism.ee\/ru\/wp-json\/wp\/v2\/tribe_events\/16766\/revisions\/16816"}],"wp:featuredmedia":[{"embeddable":true,"href":"https:\/\/kulturism.ee\/ru\/wp-json\/wp\/v2\/media\/16767"}],"wp:attachment":[{"href":"https:\/\/kulturism.ee\/ru\/wp-json\/wp\/v2\/media?parent=16766"}],"wp:term":[{"taxonomy":"post_tag","embeddable":true,"href":"https:\/\/kulturism.ee\/ru\/wp-json\/wp\/v2\/tags?post=16766"},{"taxonomy":"tribe_events_cat","embeddable":true,"href":"https:\/\/kulturism.ee\/ru\/wp-json\/wp\/v2\/tribe_events_cat?post=16766"}],"curies":[{"name":"wp","href":"https:\/\/api.w.org\/{rel}","templated":true}]}}